{"id":7624,"date":"2022-03-08T19:07:46","date_gmt":"2022-03-08T18:07:46","guid":{"rendered":"https:\/\/www.grand-hotel-de-nimes.com\/nos-salles-de-reception\/"},"modified":"2022-03-15T19:40:49","modified_gmt":"2022-03-15T18:40:49","slug":"nos-salles-de-reception","status":"publish","type":"page","link":"https:\/\/www.grand-hotel-de-nimes.com\/en\/nos-salles-de-reception\/","title":{"rendered":"Meeting Rooms"},"content":{"rendered":"<div class=\"wpb-content-wrapper\"><p>[vc_row][vc_column][vc_empty_space][vc_custom_heading text=&#8221;4 stars h\u00f4tels&#8221; font_container=&#8221;tag:h4|text_align:center|color:%2309062f&#8221; google_fonts=&#8221;font_family:Pompiere%3Aregular|font_style:400%20regular%3A400%3Anormal&#8221;][vc_custom_heading text=&#8221;Grand H\u00f4tel de N\u00eemes****&#8221; font_container=&#8221;tag:h2|text_align:center|color:%2309062f&#8221; use_theme_fonts=&#8221;yes&#8221;][vc_custom_heading text=&#8221;has the solution for all your events&#8221; font_container=&#8221;tag:h4|text_align:center|color:%2309062f&#8221; google_fonts=&#8221;font_family:Pompiere%3Aregular|font_style:400%20regular%3A400%3Anormal&#8221;][vc_empty_space height=&#8221;16px&#8221;][vc_row_inner][vc_column_inner width=&#8221;1\/6&#8243;][\/vc_column_inner][vc_column_inner width=&#8221;2\/3&#8243; css=&#8221;.vc_custom_1646245008431{padding-top: 25px !important;padding-right: 25px !important;padding-bottom: 25px !important;padding-left: 25px !important;background-color: #f6f2ec !important;}&#8221;][vc_column_text]<\/p>\n<p style=\"text-align: center; font-family: pompiere; font-size: 23px;\"><span style=\"color: #09062f;\">The rooms from 36m\u00b2 to 816m\u00b2, the latest technology equipment, our entertainment and catering teams will satisfy the most demanding.<\/span><\/p>\n<p>[\/vc_column_text][\/vc_column_inner][vc_column_inner width=&#8221;1\/6&#8243;][\/vc_column_inner][\/vc_row_inner]<!--================ Banners ================-->\n<script>\n    (function($){\n        'use strict';\n\n        var $container, $grid, $colorizer;\n\n        if(!$) return;\n\n        $(window).load(function() {\n\n\t        if(!window.Milenia || !window.MileniaIsotopeWrapper || !$.fn.isotope || !$.fn.jQueryImagesLoaded) return;\n\n\t        $container = $('#vc-milenia-panels-9183053aa80a386a4457dc472d5d5e7c-1777295366193046767');\n\t        $grid = $container.find('.milenia-grid--isotope');\n\n\t        if(!$container.length || !$grid.length) return;\n\n\t        if(window.appear) {\n\t\t        appear({\n\t\t\t        elements: function(){\n\t\t\t\t        return document.querySelectorAll('#vc-milenia-panels-9183053aa80a386a4457dc472d5d5e7c-1777295366193046767');\n\t\t\t        },\n\t\t\t        appear: function(element) {\n\t\t\t\t        var $el = $(element);\n\t\t\t\t        $el.addClass('milenia-visible').addClass($el.data('animation'));\n\t\t\t        },\n\t\t\t        reappear: false,\n\t\t\t        bounds: -200\n\t\t        });\n\t        }\n\n\t        $container.jQueryImagesLoaded().then(function(){\n\t\t        setTimeout(function() {\n\t\t\t        MileniaIsotopeWrapper.init($grid, {\n\t\t\t\t        itemSelector: '.milenia-grid-item',\n\t\t\t\t        transitionDuration: Milenia.ANIMATIONDURATION\n\t\t\t        });\n\t\t        }, 0)\n\t        });\n\n\t        if(window.Milenia.LinkUnderliner) {\n\t\t        window.Milenia.LinkUnderliner.init($container.find('a'));\n\t        }\n\n\t        $colorizer = $container.find('[class*=\"milenia-colorizer-\"]');\n\n\t        if($colorizer.length) {\n\t\t        if(window.Milenia && window.Milenia.helpers && window.Milenia.helpers.Colorizer) window.Milenia.helpers.Colorizer.init($colorizer);\n\t        }\n\n        });\n\n\/\/        $(function(){\n            \/\/ Check all necessary modules have been included\n\n\/\/        });\n\n    })(window.jQuery);\n<\/script>\n\n<div id=\"vc-milenia-panels-9183053aa80a386a4457dc472d5d5e7c-1777295366193046767\" class=\"milenia-banners milenia-banners--style-1  milenia-visible\" data-animation=\"none\">\n    <div data-isotope-layout=\"masonry\" class=\"milenia-grid milenia-grid--isotope milenia-grid--shortcode milenia-grid--cols-3\"><div class=\"milenia-grid-sizer\"><\/div><!--================ Banner ================-->\n<div class=\"milenia-grid-item\">\n    <article class=\"milenia-banner\">\n        <div class=\"milenia-banner-media\" data-bg-image-src=\"https:\/\/www.grand-hotel-de-nimes.com\/wp-content\/uploads\/2018\/10\/SALLE-DOM-PERIGNON.jpg\" style=\"background-image: url(https:\/\/www.grand-hotel-de-nimes.com\/wp-content\/uploads\/2018\/10\/SALLE-DOM-PERIGNON.jpg)\">\n    <img loading=\"lazy\" decoding=\"async\" width=\"2016\" height=\"1512\" src=\"https:\/\/www.grand-hotel-de-nimes.com\/wp-content\/uploads\/2018\/10\/SALLE-DOM-PERIGNON.jpg\" class=\"attachment-full size-full\" alt=\"\" srcset=\"https:\/\/www.grand-hotel-de-nimes.com\/wp-content\/uploads\/2018\/10\/SALLE-DOM-PERIGNON.jpg 2016w, https:\/\/www.grand-hotel-de-nimes.com\/wp-content\/uploads\/2018\/10\/SALLE-DOM-PERIGNON-300x225.jpg 300w, https:\/\/www.grand-hotel-de-nimes.com\/wp-content\/uploads\/2018\/10\/SALLE-DOM-PERIGNON-1024x768.jpg 1024w, https:\/\/www.grand-hotel-de-nimes.com\/wp-content\/uploads\/2018\/10\/SALLE-DOM-PERIGNON-768x576.jpg 768w, https:\/\/www.grand-hotel-de-nimes.com\/wp-content\/uploads\/2018\/10\/SALLE-DOM-PERIGNON-1536x1152.jpg 1536w, https:\/\/www.grand-hotel-de-nimes.com\/wp-content\/uploads\/2018\/10\/SALLE-DOM-PERIGNON-200x150.jpg 200w\" sizes=\"auto, (max-width: 2016px) 100vw, 2016px\" \/>\n<\/div>\n\n\n        <div class=\"milenia-banner-content milenia-aligner\">\n            <div class=\"milenia-aligner-outer\">\n                <div class=\"milenia-aligner-inner\">\n                    <div class=\"milenia-banner-text\">\n                        <h2 class=\"milenia-banner-title milenia-color--unchangeable\">Dom Perignon - 66m2<\/h2>\n                        \n                    <\/div>\n\n                    <div class=\"milenia-banner-actions\">\n    <a href=\"https:\/\/www.grand-hotel-de-nimes.com\/en\/nos-salles-de-reception\/salle-dom-perignon\/\" title=\"More\"   class=\"milenia-btn milenia-btn--link milenia-btn--scheme-inherit\">More<\/a>\n<\/div>\n\n                <\/div>\n            <\/div>\n        <\/div>\n    <\/article>\n<\/div>\n<!--================ End of Banner ================-->\n<!--================ Banner ================-->\n<div class=\"milenia-grid-item\">\n    <article class=\"milenia-banner\">\n        <div class=\"milenia-banner-media\" data-bg-image-src=\"https:\/\/www.grand-hotel-de-nimes.com\/wp-content\/uploads\/2018\/10\/salle-Yquem.jpg\" style=\"background-image: url(https:\/\/www.grand-hotel-de-nimes.com\/wp-content\/uploads\/2018\/10\/salle-Yquem.jpg)\">\n    <img loading=\"lazy\" decoding=\"async\" width=\"890\" height=\"667\" src=\"https:\/\/www.grand-hotel-de-nimes.com\/wp-content\/uploads\/2018\/10\/salle-Yquem.jpg\" class=\"attachment-full size-full\" alt=\"\" srcset=\"https:\/\/www.grand-hotel-de-nimes.com\/wp-content\/uploads\/2018\/10\/salle-Yquem.jpg 890w, https:\/\/www.grand-hotel-de-nimes.com\/wp-content\/uploads\/2018\/10\/salle-Yquem-300x225.jpg 300w, https:\/\/www.grand-hotel-de-nimes.com\/wp-content\/uploads\/2018\/10\/salle-Yquem-768x576.jpg 768w, https:\/\/www.grand-hotel-de-nimes.com\/wp-content\/uploads\/2018\/10\/salle-Yquem-200x150.jpg 200w\" sizes=\"auto, (max-width: 890px) 100vw, 890px\" \/>\n<\/div>\n\n\n        <div class=\"milenia-banner-content milenia-aligner\">\n            <div class=\"milenia-aligner-outer\">\n                <div class=\"milenia-aligner-inner\">\n                    <div class=\"milenia-banner-text\">\n                        <h2 class=\"milenia-banner-title milenia-color--unchangeable\">Yquem - 36m2<\/h2>\n                        \n                    <\/div>\n\n                    <div class=\"milenia-banner-actions\">\n    <a href=\"https:\/\/www.grand-hotel-de-nimes.com\/en\/nos-salles-de-reception\/salle-yquem\/\" title=\"More\"   class=\"milenia-btn milenia-btn--link milenia-btn--scheme-inherit\">More<\/a>\n<\/div>\n\n                <\/div>\n            <\/div>\n        <\/div>\n    <\/article>\n<\/div>\n<!--================ End of Banner ================-->\n<!--================ Banner ================-->\n<div class=\"milenia-grid-item\">\n    <article class=\"milenia-banner\">\n        <div class=\"milenia-banner-media\" data-bg-image-src=\"https:\/\/www.grand-hotel-de-nimes.com\/wp-content\/uploads\/2018\/10\/carre-bleu.jpg\" style=\"background-image: url(https:\/\/www.grand-hotel-de-nimes.com\/wp-content\/uploads\/2018\/10\/carre-bleu.jpg)\">\n    <img loading=\"lazy\" decoding=\"async\" width=\"500\" height=\"500\" src=\"https:\/\/www.grand-hotel-de-nimes.com\/wp-content\/uploads\/2018\/10\/carre-bleu.jpg\" class=\"attachment-full size-full\" alt=\"\" srcset=\"https:\/\/www.grand-hotel-de-nimes.com\/wp-content\/uploads\/2018\/10\/carre-bleu.jpg 500w, https:\/\/www.grand-hotel-de-nimes.com\/wp-content\/uploads\/2018\/10\/carre-bleu-300x300.jpg 300w, https:\/\/www.grand-hotel-de-nimes.com\/wp-content\/uploads\/2018\/10\/carre-bleu-150x150.jpg 150w, https:\/\/www.grand-hotel-de-nimes.com\/wp-content\/uploads\/2018\/10\/carre-bleu-200x200.jpg 200w\" sizes=\"auto, (max-width: 500px) 100vw, 500px\" \/>\n<\/div>\n\n\n        <div class=\"milenia-banner-content milenia-aligner\">\n            <div class=\"milenia-aligner-outer\">\n                <div class=\"milenia-aligner-inner\">\n                    <div class=\"milenia-banner-text\">\n                        <h2 class=\"milenia-banner-title milenia-color--unchangeable\">Margaux - 36m2<\/h2>\n                        \n                    <\/div>\n\n                    <div class=\"milenia-banner-actions\">\n    <a href=\"https:\/\/www.grand-hotel-de-nimes.com\/en\/nos-salles-de-reception\/salle-margaux\/\" title=\"More\"   class=\"milenia-btn milenia-btn--link milenia-btn--scheme-inherit\">More<\/a>\n<\/div>\n\n                <\/div>\n            <\/div>\n        <\/div>\n    <\/article>\n<\/div>\n<!--================ End of Banner ================-->\n<!--================ Banner ================-->\n<div class=\"milenia-grid-item\">\n    <article class=\"milenia-banner\">\n        <div class=\"milenia-banner-media\" data-bg-image-src=\"https:\/\/www.grand-hotel-de-nimes.com\/wp-content\/uploads\/2018\/10\/carre-bleu.jpg\" style=\"background-image: url(https:\/\/www.grand-hotel-de-nimes.com\/wp-content\/uploads\/2018\/10\/carre-bleu.jpg)\">\n    <img loading=\"lazy\" decoding=\"async\" width=\"500\" height=\"500\" src=\"https:\/\/www.grand-hotel-de-nimes.com\/wp-content\/uploads\/2018\/10\/carre-bleu.jpg\" class=\"attachment-full size-full\" alt=\"\" srcset=\"https:\/\/www.grand-hotel-de-nimes.com\/wp-content\/uploads\/2018\/10\/carre-bleu.jpg 500w, https:\/\/www.grand-hotel-de-nimes.com\/wp-content\/uploads\/2018\/10\/carre-bleu-300x300.jpg 300w, https:\/\/www.grand-hotel-de-nimes.com\/wp-content\/uploads\/2018\/10\/carre-bleu-150x150.jpg 150w, https:\/\/www.grand-hotel-de-nimes.com\/wp-content\/uploads\/2018\/10\/carre-bleu-200x200.jpg 200w\" sizes=\"auto, (max-width: 500px) 100vw, 500px\" \/>\n<\/div>\n\n\n        <div class=\"milenia-banner-content milenia-aligner\">\n            <div class=\"milenia-aligner-outer\">\n                <div class=\"milenia-aligner-inner\">\n                    <div class=\"milenia-banner-text\">\n                        <h2 class=\"milenia-banner-title milenia-color--unchangeable\">Petrus - 36m2<\/h2>\n                        \n                    <\/div>\n\n                    <div class=\"milenia-banner-actions\">\n    <a href=\"https:\/\/www.grand-hotel-de-nimes.com\/en\/nos-salles-de-reception\/salle-petrus\/\" title=\"More\"   class=\"milenia-btn milenia-btn--link milenia-btn--scheme-inherit\">More<\/a>\n<\/div>\n\n                <\/div>\n            <\/div>\n        <\/div>\n    <\/article>\n<\/div>\n<!--================ End of Banner ================-->\n<!--================ Banner ================-->\n<div class=\"milenia-grid-item\">\n    <article class=\"milenia-banner\">\n        <div class=\"milenia-banner-media\" data-bg-image-src=\"https:\/\/www.grand-hotel-de-nimes.com\/wp-content\/uploads\/2018\/10\/carre-bleu.jpg\" style=\"background-image: url(https:\/\/www.grand-hotel-de-nimes.com\/wp-content\/uploads\/2018\/10\/carre-bleu.jpg)\">\n    <img loading=\"lazy\" decoding=\"async\" width=\"500\" height=\"500\" src=\"https:\/\/www.grand-hotel-de-nimes.com\/wp-content\/uploads\/2018\/10\/carre-bleu.jpg\" class=\"attachment-full size-full\" alt=\"\" srcset=\"https:\/\/www.grand-hotel-de-nimes.com\/wp-content\/uploads\/2018\/10\/carre-bleu.jpg 500w, https:\/\/www.grand-hotel-de-nimes.com\/wp-content\/uploads\/2018\/10\/carre-bleu-300x300.jpg 300w, https:\/\/www.grand-hotel-de-nimes.com\/wp-content\/uploads\/2018\/10\/carre-bleu-150x150.jpg 150w, https:\/\/www.grand-hotel-de-nimes.com\/wp-content\/uploads\/2018\/10\/carre-bleu-200x200.jpg 200w\" sizes=\"auto, (max-width: 500px) 100vw, 500px\" \/>\n<\/div>\n\n\n        <div class=\"milenia-banner-content milenia-aligner\">\n            <div class=\"milenia-aligner-outer\">\n                <div class=\"milenia-aligner-inner\">\n                    <div class=\"milenia-banner-text\">\n                        <h2 class=\"milenia-banner-title milenia-color--unchangeable\">Romanee Comptie - 46m2<\/h2>\n                        \n                    <\/div>\n\n                    <div class=\"milenia-banner-actions\">\n    <a href=\"https:\/\/www.grand-hotel-de-nimes.com\/en\/nos-salles-de-reception\/salle-romanee-comptie\/\" title=\"More\"   class=\"milenia-btn milenia-btn--link milenia-btn--scheme-inherit\">More<\/a>\n<\/div>\n\n                <\/div>\n            <\/div>\n        <\/div>\n    <\/article>\n<\/div>\n<!--================ End of Banner ================-->\n<!--================ Banner ================-->\n<div class=\"milenia-grid-item\">\n    <article class=\"milenia-banner\">\n        <div class=\"milenia-banner-media\" data-bg-image-src=\"https:\/\/www.grand-hotel-de-nimes.com\/wp-content\/uploads\/2018\/10\/SALLE-PARIS-scaled.jpeg\" style=\"background-image: url(https:\/\/www.grand-hotel-de-nimes.com\/wp-content\/uploads\/2018\/10\/SALLE-PARIS-scaled.jpeg)\">\n    <img loading=\"lazy\" decoding=\"async\" width=\"2560\" height=\"1440\" src=\"https:\/\/www.grand-hotel-de-nimes.com\/wp-content\/uploads\/2018\/10\/SALLE-PARIS-scaled.jpeg\" class=\"attachment-full size-full\" alt=\"\" srcset=\"https:\/\/www.grand-hotel-de-nimes.com\/wp-content\/uploads\/2018\/10\/SALLE-PARIS-scaled.jpeg 2560w, https:\/\/www.grand-hotel-de-nimes.com\/wp-content\/uploads\/2018\/10\/SALLE-PARIS-300x169.jpeg 300w, https:\/\/www.grand-hotel-de-nimes.com\/wp-content\/uploads\/2018\/10\/SALLE-PARIS-1024x576.jpeg 1024w, https:\/\/www.grand-hotel-de-nimes.com\/wp-content\/uploads\/2018\/10\/SALLE-PARIS-768x432.jpeg 768w, https:\/\/www.grand-hotel-de-nimes.com\/wp-content\/uploads\/2018\/10\/SALLE-PARIS-1536x864.jpeg 1536w, https:\/\/www.grand-hotel-de-nimes.com\/wp-content\/uploads\/2018\/10\/SALLE-PARIS-2048x1152.jpeg 2048w, https:\/\/www.grand-hotel-de-nimes.com\/wp-content\/uploads\/2018\/10\/SALLE-PARIS-200x113.jpeg 200w\" sizes=\"auto, (max-width: 2560px) 100vw, 2560px\" \/>\n<\/div>\n\n\n        <div class=\"milenia-banner-content milenia-aligner\">\n            <div class=\"milenia-aligner-outer\">\n                <div class=\"milenia-aligner-inner\">\n                    <div class=\"milenia-banner-text\">\n                        <h2 class=\"milenia-banner-title milenia-color--unchangeable\">Paris - 204m2<\/h2>\n                        \n                    <\/div>\n\n                    <div class=\"milenia-banner-actions\">\n    <a href=\"https:\/\/www.grand-hotel-de-nimes.com\/en\/nos-salles-de-reception\/salle-paris\/\" title=\"More\"   class=\"milenia-btn milenia-btn--link milenia-btn--scheme-inherit\">More<\/a>\n<\/div>\n\n                <\/div>\n            <\/div>\n        <\/div>\n    <\/article>\n<\/div>\n<!--================ End of Banner ================-->\n<!--================ Banner ================-->\n<div class=\"milenia-grid-item\">\n    <article class=\"milenia-banner\">\n        <div class=\"milenia-banner-media\" data-bg-image-src=\"https:\/\/www.grand-hotel-de-nimes.com\/wp-content\/uploads\/2018\/10\/SALLE-TOKYO.jpg\" style=\"background-image: url(https:\/\/www.grand-hotel-de-nimes.com\/wp-content\/uploads\/2018\/10\/SALLE-TOKYO.jpg)\">\n    <img loading=\"lazy\" decoding=\"async\" width=\"867\" height=\"650\" src=\"https:\/\/www.grand-hotel-de-nimes.com\/wp-content\/uploads\/2018\/10\/SALLE-TOKYO.jpg\" class=\"attachment-full size-full\" alt=\"\" srcset=\"https:\/\/www.grand-hotel-de-nimes.com\/wp-content\/uploads\/2018\/10\/SALLE-TOKYO.jpg 867w, https:\/\/www.grand-hotel-de-nimes.com\/wp-content\/uploads\/2018\/10\/SALLE-TOKYO-300x225.jpg 300w, https:\/\/www.grand-hotel-de-nimes.com\/wp-content\/uploads\/2018\/10\/SALLE-TOKYO-768x576.jpg 768w, https:\/\/www.grand-hotel-de-nimes.com\/wp-content\/uploads\/2018\/10\/SALLE-TOKYO-200x150.jpg 200w\" sizes=\"auto, (max-width: 867px) 100vw, 867px\" \/>\n<\/div>\n\n\n        <div class=\"milenia-banner-content milenia-aligner\">\n            <div class=\"milenia-aligner-outer\">\n                <div class=\"milenia-aligner-inner\">\n                    <div class=\"milenia-banner-text\">\n                        <h2 class=\"milenia-banner-title milenia-color--unchangeable\">Tokyo - 660m2<\/h2>\n                        \n                    <\/div>\n\n                    <div class=\"milenia-banner-actions\">\n    <a href=\"https:\/\/www.grand-hotel-de-nimes.com\/en\/nos-salles-de-reception\/salle-tokyo\/\" title=\"More\"   class=\"milenia-btn milenia-btn--link milenia-btn--scheme-inherit\">More<\/a>\n<\/div>\n\n                <\/div>\n            <\/div>\n        <\/div>\n    <\/article>\n<\/div>\n<!--================ End of Banner ================-->\n<!--================ Banner ================-->\n<div class=\"milenia-grid-item\">\n    <article class=\"milenia-banner\">\n        <div class=\"milenia-banner-media\" data-bg-image-src=\"https:\/\/www.grand-hotel-de-nimes.com\/wp-content\/uploads\/2018\/10\/salle-rome.jpg\" style=\"background-image: url(https:\/\/www.grand-hotel-de-nimes.com\/wp-content\/uploads\/2018\/10\/salle-rome.jpg)\">\n    <img loading=\"lazy\" decoding=\"async\" width=\"867\" height=\"650\" src=\"https:\/\/www.grand-hotel-de-nimes.com\/wp-content\/uploads\/2018\/10\/salle-rome.jpg\" class=\"attachment-full size-full\" alt=\"\" srcset=\"https:\/\/www.grand-hotel-de-nimes.com\/wp-content\/uploads\/2018\/10\/salle-rome.jpg 867w, https:\/\/www.grand-hotel-de-nimes.com\/wp-content\/uploads\/2018\/10\/salle-rome-300x225.jpg 300w, https:\/\/www.grand-hotel-de-nimes.com\/wp-content\/uploads\/2018\/10\/salle-rome-768x576.jpg 768w, https:\/\/www.grand-hotel-de-nimes.com\/wp-content\/uploads\/2018\/10\/salle-rome-200x150.jpg 200w\" sizes=\"auto, (max-width: 867px) 100vw, 867px\" \/>\n<\/div>\n\n\n        <div class=\"milenia-banner-content milenia-aligner\">\n            <div class=\"milenia-aligner-outer\">\n                <div class=\"milenia-aligner-inner\">\n                    <div class=\"milenia-banner-text\">\n                        <h2 class=\"milenia-banner-title milenia-color--unchangeable\">Rome - 408m2<\/h2>\n                        \n                    <\/div>\n\n                    <div class=\"milenia-banner-actions\">\n    <a href=\"https:\/\/www.grand-hotel-de-nimes.com\/en\/nos-salles-de-reception\/salle-rome\/\" title=\"More\"   class=\"milenia-btn milenia-btn--link milenia-btn--scheme-inherit\">More<\/a>\n<\/div>\n\n                <\/div>\n            <\/div>\n        <\/div>\n    <\/article>\n<\/div>\n<!--================ End of Banner ================-->\n<!--================ Banner ================-->\n<div class=\"milenia-grid-item\">\n    <article class=\"milenia-banner\">\n        <div class=\"milenia-banner-media\" data-bg-image-src=\"https:\/\/www.grand-hotel-de-nimes.com\/wp-content\/uploads\/2018\/10\/Salle-New-york.jpg\" style=\"background-image: url(https:\/\/www.grand-hotel-de-nimes.com\/wp-content\/uploads\/2018\/10\/Salle-New-york.jpg)\">\n    <img loading=\"lazy\" decoding=\"async\" width=\"867\" height=\"650\" src=\"https:\/\/www.grand-hotel-de-nimes.com\/wp-content\/uploads\/2018\/10\/Salle-New-york.jpg\" class=\"attachment-full size-full\" alt=\"\" srcset=\"https:\/\/www.grand-hotel-de-nimes.com\/wp-content\/uploads\/2018\/10\/Salle-New-york.jpg 867w, https:\/\/www.grand-hotel-de-nimes.com\/wp-content\/uploads\/2018\/10\/Salle-New-york-300x225.jpg 300w, https:\/\/www.grand-hotel-de-nimes.com\/wp-content\/uploads\/2018\/10\/Salle-New-york-768x576.jpg 768w, https:\/\/www.grand-hotel-de-nimes.com\/wp-content\/uploads\/2018\/10\/Salle-New-york-200x150.jpg 200w\" sizes=\"auto, (max-width: 867px) 100vw, 867px\" \/>\n<\/div>\n\n\n        <div class=\"milenia-banner-content milenia-aligner\">\n            <div class=\"milenia-aligner-outer\">\n                <div class=\"milenia-aligner-inner\">\n                    <div class=\"milenia-banner-text\">\n                        <h2 class=\"milenia-banner-title milenia-color--unchangeable\">New-York - 816m2<\/h2>\n                        \n                    <\/div>\n\n                    <div class=\"milenia-banner-actions\">\n    <a href=\"https:\/\/www.grand-hotel-de-nimes.com\/en\/nos-salles-de-reception\/salle-new-york\/\" title=\"More\"   class=\"milenia-btn milenia-btn--link milenia-btn--scheme-inherit\">More<\/a>\n<\/div>\n\n                <\/div>\n            <\/div>\n        <\/div>\n    <\/article>\n<\/div>\n<!--================ End of Banner ================-->\n<\/div>\n<\/div>\n<!--================ End of Banners ================-->\n[\/vc_column][\/vc_row][vc_row full_width=&#8221;stretch_row&#8221; gap=&#8221;5&#8243; equal_height=&#8221;yes&#8221; content_placement=&#8221;middle&#8221; parallax=&#8221;content-moving&#8221; parallax_image=&#8221;6886&#8243; css=&#8221;.vc_custom_1646848405968{background-position: center;background-repeat: no-repeat !important;background-size: cover !important;}&#8221;][vc_column css=&#8221;.vc_custom_1645634687421{padding-top: 25px !important;padding-right: 25px !important;padding-bottom: 25px !important;padding-left: 25px !important;background-color: rgba(0,0,0,0.54) !important;*background-color: rgb(0,0,0) !important;}&#8221;][vc_column_text]<\/p>\n<h4 style=\"text-align: center;\"><span style=\"color: #ffffff;\"><em><span style=\"font-family: 'pompiere';\">Experience &amp; Professionalism\u00a0<\/span><\/em><\/span><\/h4>\n<h2 style=\"text-align: center;\"><span style=\"color: #ffd700; font-family: 'dancing script';\"> Grand H\u00f4tel de N\u00eemes****<\/span><\/h2>\n<h4 style=\"text-align: center;\"><span style=\"color: #ffffff;\"><em><span style=\"font-family: 'pompiere';\">The success of your seminars<\/span><\/em><\/span><\/h4>\n<p style=\"text-align: center; font-family: 'pompiere'; font-size: 20px;\"><span style=\"color: #ffffff;\">Meeting rooms of 35m\u00b2, 65m\u00b2, 200m\u00b2 and 900m\u00b2 all equipped<\/span><\/p>\n<ul>\n<li style=\"text-align: center; font-family: 'pompiere'; font-size: 20px;\"><span style=\"color: #ffffff;\">-&gt; Latest generation projector,<\/span><\/li>\n<li style=\"text-align: center; font-family: 'pompiere'; font-size: 20px;\"><span style=\"color: #ffffff;\">-&gt; Large screen,<\/span><\/li>\n<li style=\"text-align: center; font-family: 'pompiere'; font-size: 20px;\"><span style=\"color: #ffffff;\">-&gt; wifi <\/span><\/li>\n<li style=\"text-align: center; font-family: 'pompiere'; font-size: 20px;\"><span style=\"color: #ffffff;\">-&gt; Wireless microphone<\/span><\/li>\n<\/ul>\n<p>[\/vc_column_text][vc_empty_space][\/vc_column][\/vc_row][vc_row gap=&#8221;15&#8243; equal_height=&#8221;yes&#8221; css=&#8221;.vc_custom_1646992330948{background-position: 0 0 !important;background-repeat: repeat !important;}&#8221;][vc_column width=&#8221;1\/2&#8243; css=&#8221;.vc_custom_1646991508763{background-color: #f6f2ec !important;}&#8221;][vc_empty_space][vc_tta_accordion style=&#8221;outline&#8221; shape=&#8221;square&#8221; color=&#8221;orange&#8221; c_align=&#8221;center&#8221; c_icon=&#8221;triangle&#8221; active_section=&#8221;14&#8243; collapsible_all=&#8221;true&#8221;][vc_tta_section title=&#8221;REQUEST FOR QUOTATION&#8221; tab_id=&#8221;1646988647423-5cd2892a-1f33&#8243;][vc_column_text]<\/p>\n<p style=\"text-align: center;\">\n<div class=\"wpcf7 no-js\" id=\"wpcf7-f7592-o1\" lang=\"en-US\" dir=\"ltr\" data-wpcf7-id=\"7592\">\n<div class=\"screen-reader-response\"><p role=\"status\" aria-live=\"polite\" aria-atomic=\"true\"><\/p> <ul><\/ul><\/div>\n<form action=\"\/en\/wp-json\/wp\/v2\/pages\/7624#wpcf7-f7592-o1\" method=\"post\" class=\"wpcf7-form init\" aria-label=\"Contact form\" novalidate=\"novalidate\" data-status=\"init\">\n<div style=\"display: none;\">\n<input type=\"hidden\" name=\"_wpcf7\" value=\"7592\" \/>\n<input type=\"hidden\" name=\"_wpcf7_version\" value=\"6.0.3\" \/>\n<input type=\"hidden\" name=\"_wpcf7_locale\" value=\"en_US\" \/>\n<input type=\"hidden\" name=\"_wpcf7_unit_tag\" value=\"wpcf7-f7592-o1\" \/>\n<input type=\"hidden\" name=\"_wpcf7_container_post\" value=\"0\" \/>\n<input type=\"hidden\" name=\"_wpcf7_posted_data_hash\" value=\"\" \/>\n<input type=\"hidden\" name=\"_wpcf7_recaptcha_response\" value=\"\" \/>\n<\/div>\n<div style=\"background-color:#09062f;padding:15px;\">\n\t<h3 style=\"color:#fff;\">Your event\n\t<\/h3>\n\t<p><label style=\"text-align:left;color:#fff;\">Company name \/ Group<\/label><br \/>\n<span class=\"wpcf7-form-control-wrap\" data-name=\"your-name\"><input size=\"40\" maxlength=\"400\" class=\"wpcf7-form-control wpcf7-text wpcf7-validates-as-required\" aria-required=\"true\" aria-invalid=\"false\" value=\"\" type=\"text\" name=\"your-name\" \/><\/span>\n\t<\/p>\n\t<p><label style=\"text-align:left;color:#fff;\">Email*<\/label><br \/>\n<span class=\"wpcf7-form-control-wrap\" data-name=\"your-email\"><input size=\"40\" maxlength=\"400\" class=\"wpcf7-form-control wpcf7-email wpcf7-validates-as-required wpcf7-text wpcf7-validates-as-email\" aria-required=\"true\" aria-invalid=\"false\" value=\"\" type=\"email\" name=\"your-email\" \/><\/span>\n\t<\/p>\n\t<p><label style=\"text-align:left;color:#fff;\">Phone<\/label><br \/>\n<span class=\"wpcf7-form-control-wrap\" data-name=\"phone\"><input size=\"40\" maxlength=\"400\" class=\"wpcf7-form-control wpcf7-text\" aria-invalid=\"false\" value=\"\" type=\"text\" name=\"phone\" \/><\/span>\n\t<\/p>\n\t<p><label style=\"text-align:left;color:#fff;\">Type of event<\/label><br \/>\n<span class=\"wpcf7-form-control-wrap\" data-name=\"menu-337\"><select class=\"wpcf7-form-control wpcf7-select\" aria-invalid=\"false\" name=\"menu-337\"><option value=\"\">&#8212;Please choose an option&#8212;<\/option><option value=\"Lunch\">Lunch<\/option><option value=\"Dinner\">Dinner<\/option><option value=\"Meeting\">Meeting<\/option><option value=\"Day meeting\">Day meeting<\/option><option value=\"Congress\">Congress<\/option><option value=\"Residential seminar\">Residential seminar<\/option><option value=\"exhibition\">exhibition<\/option><option value=\"Cocktail\">Cocktail<\/option><option value=\"Wedding\">Wedding<\/option><option value=\"Banquet\">Banquet<\/option><option value=\"Others\">Others<\/option><\/select><\/span>\n\t<\/p>\n\t<p><label style=\"text-align:left;color:#fff;\">Date of event<\/label><br \/>\n<span class=\"wpcf7-form-control-wrap\" data-name=\"date-519\"><input class=\"wpcf7-form-control wpcf7-date wpcf7-validates-as-required wpcf7-validates-as-date\" aria-required=\"true\" aria-invalid=\"false\" value=\"\" type=\"date\" name=\"date-519\" \/><\/span>\n\t<\/p>\n\t<p><label style=\"text-align:left;color:#fff;\">number of participants<\/label><br \/>\n<span class=\"wpcf7-form-control-wrap\" data-name=\"number-90\"><input class=\"wpcf7-form-control wpcf7-number wpcf7-validates-as-number\" min=\"1\" max=\"1000\" aria-invalid=\"false\" value=\"1\" type=\"number\" name=\"number-90\" \/><\/span>\n\t<\/p>\n\t<p><label style=\"text-align:left;color:#fff;\">Do you need rooms ?<\/label><br \/>\n<span class=\"wpcf7-form-control-wrap\" data-name=\"checkbox-874\"><span class=\"wpcf7-form-control wpcf7-checkbox\"><span class=\"wpcf7-list-item first\"><label><input type=\"checkbox\" name=\"checkbox-874[]\" value=\"Yes\" \/><span class=\"wpcf7-list-item-label\">Yes<\/span><\/label><\/span><span class=\"wpcf7-list-item last\"><label><input type=\"checkbox\" name=\"checkbox-874[]\" value=\"No\" \/><span class=\"wpcf7-list-item-label\">No<\/span><\/label><\/span><\/span><\/span>\n\t<\/p>\n\t<p><label style=\"text-align:left;color:#fff;\">Your budget<\/label><br \/>\n<span class=\"wpcf7-form-control-wrap\" data-name=\"text-882\"><input size=\"40\" maxlength=\"400\" class=\"wpcf7-form-control wpcf7-text\" aria-invalid=\"false\" value=\"\" type=\"text\" name=\"text-882\" \/><\/span>\n\t<\/p>\n\t<p><label style=\"text-align:left;color:#fff;\">Message<\/label><br \/>\n<span class=\"wpcf7-form-control-wrap\" data-name=\"textarea-307\"><textarea cols=\"40\" rows=\"10\" maxlength=\"2000\" class=\"wpcf7-form-control wpcf7-textarea\" aria-invalid=\"false\" name=\"textarea-307\"><\/textarea><\/span>\n\t<\/p>\n\t<p><input class=\"wpcf7-form-control wpcf7-submit has-spinner\" type=\"submit\" value=\"SEND\" \/>\n\t<\/p>\n\t<p style=\"color:#fff;text-align: justify;font-size: 18px;\" ><em>The information you provide on this form is for the use of our establishment and our technical service providers in order to process your request. You accept our policy of confidentiality of personal data. In accordance with Law n\u00b078-17 of 6 January 1978, as amended, and the General Data Protection Regulation, you have the right to access, rectify, delete, oppose and limit the processing of your personal data, as well as the right to data portability and to define your directives concerning the management of your data after your death. You can exercise these rights by sending an email to com@grand-hotel-de-nimes.com <\/em>\n\t<\/p>\n<\/div><div class=\"wpcf7-response-output\" aria-hidden=\"true\"><\/div>\n<\/form>\n<\/div>\n<p>[\/vc_column_text][\/vc_tta_section][\/vc_tta_accordion][\/vc_column][vc_column width=&#8221;1\/2&#8243; css=&#8221;.vc_custom_1646991516698{background-color: #f6f2ec !important;}&#8221;][vc_empty_space][vc_btn title=&#8221;SEE OUR SEMINAR OFFER&#8221; style=&#8221;outline&#8221; shape=&#8221;square&#8221; color=&#8221;chino&#8221; align=&#8221;center&#8221; link=&#8221;url:https%3A%2F%2Fwww.grand-hotel-de-nimes.com%2Fen%2Fseminaires-groupes%2F|title:S%C3%A9minaires%20et%20groupes&#8221;]<div class=\"cq-floatblock cq-floatblock-position-right_center cq-floatblock-shape-square cq-floatblock-btn-large\" data-position=\"right_center\" data-isdisplay=\"\" style=\"width:\" data-elementwidth=\"\" data-autodelay=\"0\"><div class=\"cq-floatblock-header\"><div class=\"cq-floatblock-button\" style=\"color:#ffffff;background:#09062f\"><div class=\"cq-floatblock-iconcontainer\"><i class=\"cq-floatblock-icon fas fa-envelope\" style=\"color:#ffffff;\"><\/i><\/div><\/div><\/div><div class=\"cq-floatblock-title cq-floatblock-white\">\n                          <h3 style=\"color:#09062f\">A reply within 24 hours<\/h3>\n                          <\/div><div class=\"cq-floatblock-content\"><\/p>\n<p style=\"text-align: center;\">\n<div class=\"wpcf7 no-js\" id=\"wpcf7-f7544-o2\" lang=\"en-US\" dir=\"ltr\" data-wpcf7-id=\"7544\">\n<div class=\"screen-reader-response\"><p role=\"status\" aria-live=\"polite\" aria-atomic=\"true\"><\/p> <ul><\/ul><\/div>\n<form action=\"\/en\/wp-json\/wp\/v2\/pages\/7624#wpcf7-f7544-o2\" method=\"post\" class=\"wpcf7-form init\" aria-label=\"Contact form\" novalidate=\"novalidate\" data-status=\"init\">\n<div style=\"display: none;\">\n<input type=\"hidden\" name=\"_wpcf7\" value=\"7544\" \/>\n<input type=\"hidden\" name=\"_wpcf7_version\" value=\"6.0.3\" \/>\n<input type=\"hidden\" name=\"_wpcf7_locale\" value=\"en_US\" \/>\n<input type=\"hidden\" name=\"_wpcf7_unit_tag\" value=\"wpcf7-f7544-o2\" \/>\n<input type=\"hidden\" name=\"_wpcf7_container_post\" value=\"0\" \/>\n<input type=\"hidden\" name=\"_wpcf7_posted_data_hash\" value=\"\" \/>\n<input type=\"hidden\" name=\"_wpcf7_recaptcha_response\" value=\"\" \/>\n<\/div>\n<div style=\"background-color:#09062f;padding:15px;\">\n\t<h3 style=\"color:#fff;\">Nous contacter\n\t<\/h3>\n\t<p><label style=\"text-align:left;color:#fff;\">Nom*<\/label><br \/>\n<span class=\"wpcf7-form-control-wrap\" data-name=\"your-name\"><input size=\"40\" maxlength=\"400\" class=\"wpcf7-form-control wpcf7-text wpcf7-validates-as-required\" aria-required=\"true\" aria-invalid=\"false\" value=\"\" type=\"text\" name=\"your-name\" \/><\/span>\n\t<\/p>\n\t<p><label style=\"text-align:left;color:#fff;\">Email*<\/label><br \/>\n<span class=\"wpcf7-form-control-wrap\" data-name=\"your-email\"><input size=\"40\" maxlength=\"400\" class=\"wpcf7-form-control wpcf7-email wpcf7-validates-as-required wpcf7-text wpcf7-validates-as-email\" aria-required=\"true\" aria-invalid=\"false\" value=\"\" type=\"email\" name=\"your-email\" \/><\/span>\n\t<\/p>\n\t<p><label style=\"text-align:left;color:#fff;\">T\u00e9l\u00e9phone<\/label><br \/>\n<span class=\"wpcf7-form-control-wrap\" data-name=\"phone\"><input size=\"40\" maxlength=\"400\" class=\"wpcf7-form-control wpcf7-text\" aria-invalid=\"false\" value=\"\" type=\"text\" name=\"phone\" \/><\/span>\n\t<\/p>\n\t<p><label style=\"text-align:left;color:#fff;\">Message<\/label><br \/>\n<span class=\"wpcf7-form-control-wrap\" data-name=\"your-message\"><textarea cols=\"40\" rows=\"7\" maxlength=\"2000\" class=\"wpcf7-form-control wpcf7-textarea\" aria-invalid=\"false\" name=\"your-message\"><\/textarea><\/span>\n\t<\/p>\n\t<p><input class=\"wpcf7-form-control wpcf7-submit has-spinner\" type=\"submit\" value=\"ENVOYEZ\" \/>\n\t<\/p>\n\t<p style=\"color:#fff;text-align: justify;font-size: 18px;\" ><em> Dispositif BLOCTEL : \"Vous avez la possibilit\u00e9 de vous inscrire sur la liste d'opposition au d\u00e9marchage t\u00e9l\u00e9phonique bloctel : https:\/\/bloctel.gouv.fr .<\/em>\n\t<\/p>\n<\/div><div class=\"wpcf7-response-output\" aria-hidden=\"true\"><\/div>\n<\/form>\n<\/div>\n<p><\/div><\/div>[\/vc_column][\/vc_row]<\/p>\n<\/div>","protected":false},"excerpt":{"rendered":"<p>[vc_row][vc_column][vc_empty_space][vc_custom_heading text=&#8221;4 stars h\u00f4tels&#8221; font_container=&#8221;tag:h4|text_align:center|color:%2309062f&#8221; google_fonts=&#8221;font_family:Pompiere%3Aregular|font_style:400%20regular%3A400%3Anormal&#8221;][vc_custom_heading text=&#8221;Grand H\u00f4tel de N\u00eemes****&#8221; font_container=&#8221;tag:h2|text_align:center|color:%2309062f&#8221; use_theme_fonts=&#8221;yes&#8221;][vc_custom_heading text=&#8221;has the solution for all your&#8230;<\/p>\n","protected":false},"author":7,"featured_media":0,"parent":0,"menu_order":0,"comment_status":"closed","ping_status":"closed","template":"redux-templates_full_width","meta":{"footnotes":""},"class_list":["post-7624","page","type-page","status-publish","hentry"],"_links":{"self":[{"href":"https:\/\/www.grand-hotel-de-nimes.com\/en\/wp-json\/wp\/v2\/pages\/7624","targetHints":{"allow":["GET"]}}],"collection":[{"href":"https:\/\/www.grand-hotel-de-nimes.com\/en\/wp-json\/wp\/v2\/pages"}],"about":[{"href":"https:\/\/www.grand-hotel-de-nimes.com\/en\/wp-json\/wp\/v2\/types\/page"}],"author":[{"embeddable":true,"href":"https:\/\/www.grand-hotel-de-nimes.com\/en\/wp-json\/wp\/v2\/users\/7"}],"replies":[{"embeddable":true,"href":"https:\/\/www.grand-hotel-de-nimes.com\/en\/wp-json\/wp\/v2\/comments?post=7624"}],"version-history":[{"count":9,"href":"https:\/\/www.grand-hotel-de-nimes.com\/en\/wp-json\/wp\/v2\/pages\/7624\/revisions"}],"predecessor-version":[{"id":7682,"href":"https:\/\/www.grand-hotel-de-nimes.com\/en\/wp-json\/wp\/v2\/pages\/7624\/revisions\/7682"}],"wp:attachment":[{"href":"https:\/\/www.grand-hotel-de-nimes.com\/en\/wp-json\/wp\/v2\/media?parent=7624"}],"curies":[{"name":"wp","href":"https:\/\/api.w.org\/{rel}","templated":true}]}}